{"id":4589,"date":"2020-01-21T04:31:03","date_gmt":"2020-01-21T04:31:03","guid":{"rendered":"https:\/\/curacao-sea-aquarium.com\/research\/marine-research\/"},"modified":"2025-03-14T05:48:14","modified_gmt":"2025-03-14T09:48:14","slug":"pesquisa-marinha","status":"publish","type":"page","link":"https:\/\/curacao-sea-aquarium.com\/pt-br\/pesquisa\/pesquisa-marinha\/","title":{"rendered":"Pesquisa Marinha"},"content":{"rendered":"<section class=\"wpb-content-wrapper\"><p>[vc_section full_width=&#8221;stretch_row&#8221; css=&#8221;.vc_custom_1583899923069{margin-right: 0px !important;padding-right: 0px !important;}&#8221;][vc_row full_width=&#8221;stretch_row&#8221; css=&#8221;.vc_custom_1583899915794{margin-right: 0px !important;padding-right: 0px !important;}&#8221;][vc_column width=&#8221;5\/12&#8243;][vc_empty_space height=&#8221;10px&#8221;][vc_custom_heading text=&#8221;Pesquisa Marinha&#8221; font_container=&#8221;tag:h2|text_align:left|color:%23202020&#8243; use_theme_fonts=&#8221;yes&#8221;][vc_column_text]<\/p>\n<div class=\"page_content\">Desde o in\u00edcio, temos aprimorado e restaurado as instala\u00e7\u00f5es do Aqu\u00e1rio Marinho de Cura\u00e7ao e estamos comprometidos com a melhoria cont\u00ednua das instala\u00e7\u00f5es e do ecossistema \u00fanico de recifes subaqu\u00e1ticos que cercam nossas instala\u00e7\u00f5es.<\/div>\n<p>[\/vc_column_text][\/vc_column][vc_column width=&#8221;7\/12&#8243; css=&#8221;.vc_custom_1583899894193{margin-bottom: -35px !important;padding-bottom: 0px !important;}&#8221;][vc_single_image image=&#8221;4593&#8243; img_size=&#8221;full&#8221;][\/vc_column][\/vc_row][vc_row full_width=&#8221;stretch_row_content_no_spaces&#8221;][vc_column][vc_single_image image=&#8221;671&#8243; img_size=&#8221;full&#8221; alignment=&#8221;center&#8221; el_class=&#8221;inner_wave&#8221;][\/vc_column][\/vc_row][\/vc_section][vc_section el_class=&#8221;top-experiences-section&#8221;][vc_row css=&#8221;.vc_custom_1589036797913{padding-bottom: 20px !important;}&#8221;][vc_column width=&#8221;1\/2&#8243;][vc_empty_space height=&#8221;5px&#8221; el_class=&#8221;mobile_space&#8221;][vc_single_image image=&#8221;4595&#8243; img_size=&#8221;full&#8221; alignment=&#8221;center&#8221; css=&#8221;.vc_custom_1584417438820{margin-bottom: 0px !important;}&#8221;][vc_empty_space height=&#8221;5px&#8221; el_class=&#8221;mobile_space&#8221;][\/vc_column][vc_column width=&#8221;1\/2&#8243;][vc_empty_space height=&#8221;5px&#8221; el_class=&#8221;mobile_space&#8221;][vc_custom_heading text=&#8221;Projeto de Restaura\u00e7\u00e3o do Canal&#8221; font_container=&#8221;tag:h2|text_align:left|color:%23202020&#8243; use_theme_fonts=&#8221;yes&#8221;][vc_column_text]<\/p>\n<div class=\"page_content\">\n<div class=\"page_content\">\n<p>O Projeto de Restaura\u00e7\u00e3o do Canal do Aqu\u00e1rio Marinho de Cura\u00e7ao \u00e9 uma combina\u00e7\u00e3o de projetos de m\u00e9dio porte que se complementam para contribuir com a sustentabilidade das esp\u00e9cies de recife ao longo do tempo em uma \u00e1rea semi-protegida.<\/p>\n<p>Os projetos consistem em uma grande rede de estruturas de rocha natural subaqu\u00e1tica, combinadas com corais duros restaurados e replantados, corais moles reabilitados e manguezais vermelhos plantados a partir de mudas na linha costeira.<\/p>\n<p>O canal \u00e9 constantemente monitorado e cria as condi\u00e7\u00f5es perfeitas para atrair peixes juvenis e permitir que larvas de corais se fixem. Ele oferece ref\u00fagio e abrigo, junto com abund\u00e2ncia de alimentos.<\/p>\n<p>Esses projetos em andamento j\u00e1 est\u00e3o mostrando grande sucesso, sendo claramente vis\u00edvel como muitas novas e diversas esp\u00e9cies de vida marinha t\u00eam crescido continuamente desde o in\u00edcio dos projetos.<\/p>\n<p>Acreditamos que essas iniciativas, mesmo pequenas, contribuem de maneira muito positiva para educar e contrabalan\u00e7ar o impacto constante da popula\u00e7\u00e3o humana nos ecossistemas marinhos.<\/p><\/div>\n<\/div>\n<p>[\/vc_column_text][vc_empty_space height=&#8221;5px&#8221; el_class=&#8221;mobile_space&#8221;][\/vc_column][\/vc_row][vc_row][vc_column width=&#8221;1\/2&#8243;][vc_empty_space height=&#8221;5px&#8221; el_class=&#8221;mobile_space&#8221;][vc_custom_heading text=&#8221;Hatchery de Concha-Rainha&#8221; font_container=&#8221;tag:h2|text_align:left|color:%23202020&#8243; use_theme_fonts=&#8221;yes&#8221;][vc_column_text]<\/p>\n<div class=\"page_content\">\n<p>As popula\u00e7\u00f5es atuais da famosa e ic\u00f4nica Concha-Rainha est\u00e3o diminuindo rapidamente em todo o Mar do Caribe.<\/p>\n<p>Esses gastr\u00f3podes marinhos s\u00e3o colhidos para consumo antes de poderem se reproduzir, reduzindo suas chances de sobreviv\u00eancia como esp\u00e9cie no futuro.<\/p>\n<p>O Aqu\u00e1rio Marinho de Cura\u00e7ao tem orgulho de abrigar o projeto de Hatchery da Concha-Rainha e fornecer as condi\u00e7\u00f5es necess\u00e1rias para cultivar, sob condi\u00e7\u00f5es controladas, milhares de juvenis desse invertebrado marinho.<\/p>\n<p>Desde a massa de ovos at\u00e9 o caracol jovem, a equipe do hatchery trabalha arduamente em cada etapa para garantir o crescimento do maior n\u00famero poss\u00edvel de juvenis.<\/p>\n<p>Este projeto visa repovoar \u00e1reas j\u00e1 esgotadas em Cura\u00e7ao e, esperamos, em outros locais que necessitem.<\/p><\/div>\n<p>[\/vc_column_text][vc_empty_space height=&#8221;5px&#8221; el_class=&#8221;mobile_space&#8221;][\/vc_column][vc_column width=&#8221;1\/2&#8243;][vc_empty_space height=&#8221;5px&#8221; el_class=&#8221;mobile_space&#8221;][vc_single_image image=&#8221;4870&#8243; img_size=&#8221;full&#8221; alignment=&#8221;center&#8221; css=&#8221;.vc_custom_1741945689341{margin-bottom: 0px !important;}&#8221;][vc_empty_space height=&#8221;5px&#8221; el_class=&#8221;mobile_space&#8221;][\/vc_column][\/vc_row][vc_row css=&#8221;.vc_custom_1589036906651{padding-bottom: 20px !important;}&#8221;][vc_column width=&#8221;1\/2&#8243;][vc_empty_space height=&#8221;5px&#8221; el_class=&#8221;mobile_space&#8221;][vc_single_image image=&#8221;4591&#8243; img_size=&#8221;full&#8221; alignment=&#8221;center&#8221; css=&#8221;.vc_custom_1583412864940{margin-bottom: 0px !important;}&#8221;][vc_empty_space height=&#8221;5px&#8221; el_class=&#8221;mobile_space&#8221;][\/vc_column][vc_column width=&#8221;1\/2&#8243;][vc_empty_space height=&#8221;5px&#8221; el_class=&#8221;mobile_space&#8221;][vc_custom_heading text=&#8221;Desperd\u00edcio zero!&#8221; font_container=&#8221;tag:h2|text_align:left|color:%23202020&#8243; use_theme_fonts=&#8221;yes&#8221;][vc_column_text]<\/p>\n<div class=\"page_content\">Em 2012, o Aqu\u00e1rio Marinho de Cura\u00e7ao criou um &#8220;ciclo de alimenta\u00e7\u00e3o de desperd\u00edcio zero&#8221; cont\u00ednuo, com grande impacto positivo na vida marinha que circunda a instala\u00e7\u00e3o. Este esfor\u00e7o para preservar a fauna marinha de Cura\u00e7ao beneficiar\u00e1, em \u00faltima an\u00e1lise, a sobreviv\u00eancia a longo prazo dessas esp\u00e9cies. Permitindo que agrega\u00e7\u00f5es de peixes, como os pargos cinza e de rabo amarelo, permane\u00e7am pr\u00f3ximas \u00e0s instala\u00e7\u00f5es e, portanto, protegidos da pesca excessiva, estamos garantindo uma maior produ\u00e7\u00e3o de larvas durante cada ciclo reprodutivo, mantendo a constante repopula\u00e7\u00e3o e fixa\u00e7\u00e3o desses importantes peixes juvenis em v\u00e1rias localidades ao redor da ilha no futuro.<\/div>\n<p>[\/vc_column_text][vc_empty_space height=&#8221;5px&#8221; el_class=&#8221;mobile_space&#8221;][\/vc_column][\/vc_row][vc_row css=&#8221;.vc_custom_1589036934386{padding-bottom: 20px !important;}&#8221;][vc_column width=&#8221;1\/2&#8243;][vc_empty_space height=&#8221;5px&#8221; el_class=&#8221;mobile_space&#8221;][vc_custom_heading text=&#8221;Fazenda de Corais Moles&#8221; font_container=&#8221;tag:h2|text_align:left|color:%23202020&#8243; use_theme_fonts=&#8221;yes&#8221;][vc_column_text]<\/p>\n<div class=\"page_content\">\n<p>A diminui\u00e7\u00e3o dos recifes de corais ao redor do mundo \u00e9 uma realidade que todos enfrentamos hoje. Por essa raz\u00e3o, o Aqu\u00e1rio Marinho de Cura\u00e7ao est\u00e1 comprometido em desenvolver t\u00e9cnicas de fragmenta\u00e7\u00e3o adequadas que permitam que esp\u00e9cies de corais moles (gorg\u00f4nias, zoant\u00eddeos e coralimorfos) cres\u00e7am saud\u00e1veis e fortes sob nossos cuidados. Algumas dessas belas e grandes col\u00f4nias, em exibi\u00e7\u00e3o, educam nossos visitantes sobre a apar\u00eancia dos corais. Dessa forma, exibindo nossos pr\u00f3prios corais moles cultivados, evitamos a coleta nos recifes e ajudamos a manter outras esp\u00e9cies de corais duros que desempenham um papel importante na natureza.<\/p><\/div>\n<p>[\/vc_column_text][vc_empty_space height=&#8221;5px&#8221; el_class=&#8221;mobile_space&#8221;][\/vc_column][vc_column width=&#8221;1\/2&#8243;][vc_empty_space height=&#8221;5px&#8221; el_class=&#8221;mobile_space&#8221;][vc_single_image image=&#8221;4599&#8243; img_size=&#8221;full&#8221; alignment=&#8221;center&#8221; css=&#8221;.vc_custom_1656084531945{margin-bottom: 0px !important;}&#8221;][vc_empty_space height=&#8221;5px&#8221; el_class=&#8221;mobile_space&#8221;][\/vc_column][\/vc_row][vc_row css=&#8221;.vc_custom_1589036944951{padding-bottom: 20px !important;}&#8221;][vc_column width=&#8221;1\/2&#8243;][vc_empty_space height=&#8221;5px&#8221; el_class=&#8221;mobile_space&#8221;][vc_single_image image=&#8221;4594&#8243; img_size=&#8221;full&#8221; alignment=&#8221;center&#8221; css=&#8221;.vc_custom_1583727996777{margin-bottom: 0px !important;}&#8221;][vc_empty_space height=&#8221;5px&#8221; el_class=&#8221;mobile_space&#8221;][\/vc_column][vc_column width=&#8221;1\/2&#8243;][vc_empty_space height=&#8221;5px&#8221; el_class=&#8221;mobile_space&#8221;][vc_custom_heading text=&#8221;Exposi\u00e7\u00e3o de Peixes de \u00c1guas Profundas&#8221; font_container=&#8221;tag:h2|text_align:left|color:%23202020&#8243; use_theme_fonts=&#8221;yes&#8221;][vc_column_text]<\/p>\n<div class=\"page_content\">\n<p>O Aqu\u00e1rio Marinho de Cura\u00e7ao oferece algumas exposi\u00e7\u00f5es \u00fanicas que recriam diversos ecossistemas marinhos.<\/p>\n<p>Os recifes abissais da ilha, a uma profundidade de at\u00e9 305 metros, n\u00e3o s\u00e3o exce\u00e7\u00e3o.<\/p>\n<p>A exposi\u00e7\u00e3o de \u00e1guas profundas \u00e9 constru\u00edda para educar nossos visitantes sobre outras esp\u00e9cies que vivem nesses habitats \u00fanicos e que n\u00e3o est\u00e3o presentes nos recifes rasos. Trabalhando em colabora\u00e7\u00e3o com a Substation Cura\u00e7ao, podemos estudar e aprender sobre esses organismos incr\u00edveis.<\/p><\/div>\n<p>[\/vc_column_text][vc_empty_space height=&#8221;5px&#8221; el_class=&#8221;mobile_space&#8221;][\/vc_column][\/vc_row][\/vc_section]<\/p>\n<\/section>","protected":false},"excerpt":{"rendered":"<p>[vc_section full_width=&#8221;stretch_row&#8221; css=&#8221;.vc_custom_1583899923069{margin-right: 0px !important;padding-right: 0px !important;}&#8221;][vc_row full_width=&#8221;stretch_row&#8221; css=&#8221;.vc_custom_1583899915794{margin-right: 0px !important;padding-right: 0px !important;}&#8221;][vc_column width=&#8221;5\/12&#8243;][vc_empty_space height=&#8221;10px&#8221;][vc_custom_heading text=&#8221;Pesquisa Marinha&#8221; font_container=&#8221;tag:h2|text_align:left|color:%23202020&#8243; use_theme_fonts=&#8221;yes&#8221;][vc_column_text] Desde o in\u00edcio, temos aprimorado e restaurado<span class=\"excerpt-hellip\"> [\u2026]<\/span><\/p>\n","protected":false},"author":25,"featured_media":0,"parent":4586,"menu_order":0,"comment_status":"closed","ping_status":"closed","template":"","meta":{"footnotes":"","_wp_rev_ctl_limit":""},"class_list":["post-4589","page","type-page","status-publish","hentry"],"yoast_head":"<!-- This site is optimized with the Yoast SEO plugin v27.4 - https:\/\/yoast.com\/product\/yoast-seo-wordpress\/ -->\n<title>Marine Research | Reef Ecosystem | Cura\u00e7ao Sea Aquarium<\/title>\n<meta name=\"description\" content=\"We are committed to improving the unique underwater reef ecosystem. For this reason, we have been upgrading and restoring our facility.\" \/>\n<meta name=\"robots\" content=\"index, follow, max-snippet:-1, max-image-preview:large, max-video-preview:-1\" \/>\n<link rel=\"canonical\" href=\"https:\/\/curacao-sea-aquarium.com\/pt-br\/pesquisa\/pesquisa-marinha\/\" \/>\n<meta property=\"og:locale\" content=\"pt_BR\" \/>\n<meta property=\"og:type\" content=\"article\" \/>\n<meta property=\"og:title\" content=\"Marine Research | Reef Ecosystem | Cura\u00e7ao Sea Aquarium\" \/>\n<meta property=\"og:description\" content=\"We are committed to improving the unique underwater reef ecosystem. For this reason, we have been upgrading and restoring our facility.\" \/>\n<meta property=\"og:url\" content=\"https:\/\/curacao-sea-aquarium.com\/pt-br\/pesquisa\/pesquisa-marinha\/\" \/>\n<meta property=\"og:site_name\" content=\"Curacao Sea Aquarium\" \/>\n<meta property=\"article:modified_time\" content=\"2025-03-14T09:48:14+00:00\" \/>\n<meta name=\"twitter:card\" content=\"summary_large_image\" \/>\n<meta name=\"twitter:label1\" content=\"Est. tempo de leitura\" \/>\n\t<meta name=\"twitter:data1\" content=\"4 minutos\" \/>\n<script type=\"application\/ld+json\" class=\"yoast-schema-graph\">{\"@context\":\"https:\\\/\\\/schema.org\",\"@graph\":[{\"@type\":\"WebPage\",\"@id\":\"https:\\\/\\\/curacao-sea-aquarium.com\\\/pt-br\\\/pesquisa\\\/pesquisa-marinha\\\/\",\"url\":\"https:\\\/\\\/curacao-sea-aquarium.com\\\/pt-br\\\/pesquisa\\\/pesquisa-marinha\\\/\",\"name\":\"Marine Research | Reef Ecosystem | Cura\u00e7ao Sea Aquarium\",\"isPartOf\":{\"@id\":\"https:\\\/\\\/curacao-sea-aquarium.com\\\/pt-br\\\/#website\"},\"datePublished\":\"2020-01-21T04:31:03+00:00\",\"dateModified\":\"2025-03-14T09:48:14+00:00\",\"description\":\"We are committed to improving the unique underwater reef ecosystem. For this reason, we have been upgrading and restoring our facility.\",\"breadcrumb\":{\"@id\":\"https:\\\/\\\/curacao-sea-aquarium.com\\\/pt-br\\\/pesquisa\\\/pesquisa-marinha\\\/#breadcrumb\"},\"inLanguage\":\"pt-BR\",\"potentialAction\":[{\"@type\":\"ReadAction\",\"target\":[\"https:\\\/\\\/curacao-sea-aquarium.com\\\/pt-br\\\/pesquisa\\\/pesquisa-marinha\\\/\"]}]},{\"@type\":\"BreadcrumbList\",\"@id\":\"https:\\\/\\\/curacao-sea-aquarium.com\\\/pt-br\\\/pesquisa\\\/pesquisa-marinha\\\/#breadcrumb\",\"itemListElement\":[{\"@type\":\"ListItem\",\"position\":1,\"name\":\"Home\",\"item\":\"https:\\\/\\\/curacao-sea-aquarium.com\\\/pt-br\\\/\"},{\"@type\":\"ListItem\",\"position\":2,\"name\":\"Pesquisa\",\"item\":\"https:\\\/\\\/curacao-sea-aquarium.com\\\/pt-br\\\/pesquisa\\\/\"},{\"@type\":\"ListItem\",\"position\":3,\"name\":\"Pesquisa Marinha\"}]},{\"@type\":\"WebSite\",\"@id\":\"https:\\\/\\\/curacao-sea-aquarium.com\\\/pt-br\\\/#website\",\"url\":\"https:\\\/\\\/curacao-sea-aquarium.com\\\/pt-br\\\/\",\"name\":\"Curacao Sea Aquarium\",\"description\":\"Curacao Sea Aquarium\",\"potentialAction\":[{\"@type\":\"SearchAction\",\"target\":{\"@type\":\"EntryPoint\",\"urlTemplate\":\"https:\\\/\\\/curacao-sea-aquarium.com\\\/pt-br\\\/?s={search_term_string}\"},\"query-input\":{\"@type\":\"PropertyValueSpecification\",\"valueRequired\":true,\"valueName\":\"search_term_string\"}}],\"inLanguage\":\"pt-BR\"}]}<\/script>\n<!-- \/ Yoast SEO plugin. -->","yoast_head_json":{"title":"Marine Research | Reef Ecosystem | Cura\u00e7ao Sea Aquarium","description":"We are committed to improving the unique underwater reef ecosystem. For this reason, we have been upgrading and restoring our facility.","robots":{"index":"index","follow":"follow","max-snippet":"max-snippet:-1","max-image-preview":"max-image-preview:large","max-video-preview":"max-video-preview:-1"},"canonical":"https:\/\/curacao-sea-aquarium.com\/pt-br\/pesquisa\/pesquisa-marinha\/","og_locale":"pt_BR","og_type":"article","og_title":"Marine Research | Reef Ecosystem | Cura\u00e7ao Sea Aquarium","og_description":"We are committed to improving the unique underwater reef ecosystem. For this reason, we have been upgrading and restoring our facility.","og_url":"https:\/\/curacao-sea-aquarium.com\/pt-br\/pesquisa\/pesquisa-marinha\/","og_site_name":"Curacao Sea Aquarium","article_modified_time":"2025-03-14T09:48:14+00:00","twitter_card":"summary_large_image","twitter_misc":{"Est. tempo de leitura":"4 minutos"},"schema":{"@context":"https:\/\/schema.org","@graph":[{"@type":"WebPage","@id":"https:\/\/curacao-sea-aquarium.com\/pt-br\/pesquisa\/pesquisa-marinha\/","url":"https:\/\/curacao-sea-aquarium.com\/pt-br\/pesquisa\/pesquisa-marinha\/","name":"Marine Research | Reef Ecosystem | Cura\u00e7ao Sea Aquarium","isPartOf":{"@id":"https:\/\/curacao-sea-aquarium.com\/pt-br\/#website"},"datePublished":"2020-01-21T04:31:03+00:00","dateModified":"2025-03-14T09:48:14+00:00","description":"We are committed to improving the unique underwater reef ecosystem. For this reason, we have been upgrading and restoring our facility.","breadcrumb":{"@id":"https:\/\/curacao-sea-aquarium.com\/pt-br\/pesquisa\/pesquisa-marinha\/#breadcrumb"},"inLanguage":"pt-BR","potentialAction":[{"@type":"ReadAction","target":["https:\/\/curacao-sea-aquarium.com\/pt-br\/pesquisa\/pesquisa-marinha\/"]}]},{"@type":"BreadcrumbList","@id":"https:\/\/curacao-sea-aquarium.com\/pt-br\/pesquisa\/pesquisa-marinha\/#breadcrumb","itemListElement":[{"@type":"ListItem","position":1,"name":"Home","item":"https:\/\/curacao-sea-aquarium.com\/pt-br\/"},{"@type":"ListItem","position":2,"name":"Pesquisa","item":"https:\/\/curacao-sea-aquarium.com\/pt-br\/pesquisa\/"},{"@type":"ListItem","position":3,"name":"Pesquisa Marinha"}]},{"@type":"WebSite","@id":"https:\/\/curacao-sea-aquarium.com\/pt-br\/#website","url":"https:\/\/curacao-sea-aquarium.com\/pt-br\/","name":"Curacao Sea Aquarium","description":"Curacao Sea Aquarium","potentialAction":[{"@type":"SearchAction","target":{"@type":"EntryPoint","urlTemplate":"https:\/\/curacao-sea-aquarium.com\/pt-br\/?s={search_term_string}"},"query-input":{"@type":"PropertyValueSpecification","valueRequired":true,"valueName":"search_term_string"}}],"inLanguage":"pt-BR"}]}},"jetpack_sharing_enabled":true,"_links":{"self":[{"href":"https:\/\/curacao-sea-aquarium.com\/pt-br\/wp-json\/wp\/v2\/pages\/4589","targetHints":{"allow":["GET"]}}],"collection":[{"href":"https:\/\/curacao-sea-aquarium.com\/pt-br\/wp-json\/wp\/v2\/pages"}],"about":[{"href":"https:\/\/curacao-sea-aquarium.com\/pt-br\/wp-json\/wp\/v2\/types\/page"}],"author":[{"embeddable":true,"href":"https:\/\/curacao-sea-aquarium.com\/pt-br\/wp-json\/wp\/v2\/users\/25"}],"replies":[{"embeddable":true,"href":"https:\/\/curacao-sea-aquarium.com\/pt-br\/wp-json\/wp\/v2\/comments?post=4589"}],"version-history":[{"count":6,"href":"https:\/\/curacao-sea-aquarium.com\/pt-br\/wp-json\/wp\/v2\/pages\/4589\/revisions"}],"predecessor-version":[{"id":4875,"href":"https:\/\/curacao-sea-aquarium.com\/pt-br\/wp-json\/wp\/v2\/pages\/4589\/revisions\/4875"}],"up":[{"embeddable":true,"href":"https:\/\/curacao-sea-aquarium.com\/pt-br\/wp-json\/wp\/v2\/pages\/4586"}],"wp:attachment":[{"href":"https:\/\/curacao-sea-aquarium.com\/pt-br\/wp-json\/wp\/v2\/media?parent=4589"}],"curies":[{"name":"wp","href":"https:\/\/api.w.org\/{rel}","templated":true}]}}